{"id":3783,"date":"2022-01-19T15:34:26","date_gmt":"2022-01-19T20:34:26","guid":{"rendered":"https:\/\/pauccarmarca.com\/?page_id=3783"},"modified":"2022-08-18T16:15:11","modified_gmt":"2022-08-18T21:15:11","slug":"en-mexico","status":"publish","type":"page","link":"https:\/\/pauccarmarca.com\/en\/en-mexico\/","title":{"rendered":"en M\u00e9xico"},"content":{"rendered":"<p class=\"qtranxs-available-languages-message qtranxs-available-languages-message-en\">Sorry, this entry is only available in <a href=\"https:\/\/pauccarmarca.com\/es\/wp-json\/wp\/v2\/pages\/3783\" class=\"qtranxs-available-language-link qtranxs-available-language-link-es\" title=\"Espa\u00f1ol\">Espa\u00f1ol<\/a>.<\/p><h1 class=\"wp-block-heading\" id=\"h-pauccarmarca-en-m-xico\">Pauccarmarca en M\u00e9xico<\/h1>\n\n\n\n<div class=\"wp-block-image\"><figure class=\"alignleft size-large is-resized\"><a href=\"https:\/\/pauccarmarca.com\/wp-content\/uploads\/2022\/08\/en-mexico-copia.webp\"><img fetchpriority=\"high\" decoding=\"async\" data-attachment-id=\"4077\" data-permalink=\"https:\/\/pauccarmarca.com\/en\/inicia-tu-camino\/attachment\/en-mexico-copia\/#main\" data-orig-file=\"https:\/\/pauccarmarca.com\/wp-content\/uploads\/2022\/08\/en-mexico-copia.webp\" data-orig-size=\"1519,1899\" data-comments-opened=\"1\" data-image-meta=\"{&quot;aperture&quot;:&quot;0&quot;,&quot;credit&quot;:&quot;&quot;,&quot;camera&quot;:&quot;&quot;,&quot;caption&quot;:&quot;&quot;,&quot;created_timestamp&quot;:&quot;0&quot;,&quot;copyright&quot;:&quot;&quot;,&quot;focal_length&quot;:&quot;0&quot;,&quot;iso&quot;:&quot;0&quot;,&quot;shutter_speed&quot;:&quot;0&quot;,&quot;title&quot;:&quot;&quot;,&quot;orientation&quot;:&quot;0&quot;}\" data-image-title=\"pauccarmarca en mexico 2022\" data-image-description=\"\" data-image-caption=\"\" data-large-file=\"https:\/\/pauccarmarca.com\/wp-content\/uploads\/2022\/08\/en-mexico-copia-819x1024.webp\" src=\"https:\/\/pauccarmarca.com\/wp-content\/uploads\/2022\/08\/en-mexico-copia-819x1024.webp\" alt=\"pauccarmarca en mexico 2022\" class=\"wp-image-4077\" width=\"482\" height=\"603\" srcset=\"https:\/\/pauccarmarca.com\/wp-content\/uploads\/2022\/08\/en-mexico-copia-819x1024.webp 819w, https:\/\/pauccarmarca.com\/wp-content\/uploads\/2022\/08\/en-mexico-copia-300x375.webp 300w, https:\/\/pauccarmarca.com\/wp-content\/uploads\/2022\/08\/en-mexico-copia-600x750.webp 600w, https:\/\/pauccarmarca.com\/wp-content\/uploads\/2022\/08\/en-mexico-copia-240x300.webp 240w, https:\/\/pauccarmarca.com\/wp-content\/uploads\/2022\/08\/en-mexico-copia-768x960.webp 768w, https:\/\/pauccarmarca.com\/wp-content\/uploads\/2022\/08\/en-mexico-copia-1229x1536.webp 1229w, https:\/\/pauccarmarca.com\/wp-content\/uploads\/2022\/08\/en-mexico-copia.webp 1519w\" sizes=\"(max-width: 482px) 100vw, 482px\" \/><\/a><\/figure><\/div>\n\n\n\n<p>Todos los a\u00f1os nos movemos a diferentes regiones del planeta para compartir la cosmovisi\u00f3n andina. Pauccarmarca en M\u00e9xico ha sido bien recibida y nos llena de gozo el ver a tantas personas conectadas con emprender su propio camino, a trav\u00e9s de la iniciaci\u00f3n, de la <a href=\"https:\/\/pauccarmarca.com\/missa-andina\/\">missa andina<\/a>, de los retiros y viajes inici\u00e1ticos. Algunos, a\u00fan necesitan de una gu\u00eda para poder sanar, por esta raz\u00f3n tambi\u00e9n abrimos espacios de <a href=\"https:\/\/pauccarmarca.com\/sanaciones\/\">sanaci\u00f3n<\/a>. <\/p>\n\n\n\n<p>Aqu\u00ed les dejamos las pr\u00f3ximas fechas. Si te resuena estas invitado a compartir con nosotros de Pauccarmarca en M\u00e9xico. Nos vemos pronto.<\/p>\n\n\n\n<p class=\"clear\"><\/p>\n\n\n\n<hr class=\"wp-block-separator\"\/>\n\n\n\n<h2 class=\"has-text-align-center wp-block-heading\">Pr\u00f3ximas fechas en M\u00e9xico 2022<\/h2>\n\n\n\n<h3 class=\"has-text-align-center has-text-color wp-block-heading\" style=\"color:#ff0000\">19 de noviembre al 11 de diciembre<\/h3>\n\n\n\n<hr class=\"wp-block-separator\"\/>\n\n\n\n<div class=\"wp-block-columns is-layout-flex wp-container-core-columns-is-layout-9d6595d7 wp-block-columns-is-layout-flex\">\n<div class=\"wp-block-column is-layout-flow wp-block-column-is-layout-flow\">\n<h3 class=\"has-text-align-center wp-block-heading\" id=\"h-1-ciudad-de-m-xico\">1) <strong>Ciudad de M\u00e9xico<\/strong><\/h3>\n\n\n\n<p class=\"has-text-align-center\">Espacios de sanaci\u00f3n e iniciaci\u00f3n<br>19 y 20 en Tultit\u00e1n<br>22 y 23 en La Quebrada<\/p>\n\n\n\n<h3 class=\"has-text-align-center wp-block-heading\" id=\"h-2-veracruz\">2) <strong>Veracruz<\/strong><\/h3>\n\n\n\n<p class=\"has-text-align-center\">Retiro Inici\u00e1tico<br>del 25 al 27 de Noviembre<\/p>\n\n\n\n<h3 class=\"has-text-align-center wp-block-heading\" id=\"h-3-puebla\">3) <strong>Puebla<\/strong><\/h3>\n\n\n\n<p class=\"has-text-align-center\">Espacios de sanaci\u00f3n e iniciaci\u00f3n<br>del 1 al 4 de Diciembre<\/p>\n<\/div>\n\n\n\n<div class=\"wp-block-column is-layout-flow wp-block-column-is-layout-flow\">\n<h3 class=\"has-text-align-center wp-block-heading\" id=\"h-4-guadalajara\">4) <strong>Guadalajara<\/strong><\/h3>\n\n\n\n<p class=\"has-text-align-center\">Espacios de sanaci\u00f3n e iniciaci\u00f3n<br>6 y 7 de Diciembre<\/p>\n\n\n\n<h3 class=\"has-text-align-center wp-block-heading\">5) <strong>Puerto Vallarta<\/strong><\/h3>\n\n\n\n<p class=\"has-text-align-center\">Retiro Inici\u00e1tico<br>del 9 al 11 de Diciembre<\/p>\n<\/div>\n<\/div>","protected":false},"excerpt":{"rendered":"<p>Sorry, this entry is only available in Espa\u00f1ol. Pauccarmarca en M\u00e9xico Todos los a\u00f1os nos movemos a diferentes regiones del planeta para compartir la cosmovisi\u00f3n andina. Pauccarmarca en M\u00e9xico ha sido bien recibida y nos llena de gozo el ver a tantas personas conectadas con emprender su propio camino, a trav\u00e9s de la iniciaci\u00f3n, de &#8230; <a title=\"en M\u00e9xico\" class=\"read-more\" href=\"https:\/\/pauccarmarca.com\/en\/en-mexico\/\" aria-label=\"More on en M\u00e9xico\">Read more<\/a><\/p>\n","protected":false},"author":3,"featured_media":4077,"parent":0,"menu_order":0,"comment_status":"closed","ping_status":"closed","template":"","meta":{"footnotes":""},"class_list":["post-3783","page","type-page","status-publish","has-post-thumbnail"],"yoast_head":"<!-- This site is optimized with the Yoast SEO plugin v27.4 - https:\/\/yoast.com\/product\/yoast-seo-wordpress\/ -->\n<title>\u25b7 Pauccarmarca en M\u00e9xico<\/title>\n<meta name=\"description\" content=\"Pauccarmarca en M\u00e9xico. Del 4 de febrero al 8 de marzo del 2022. Retiros, iniciaciones, sanaciones, talleres, introducci\u00f3n a altomissayoq\" \/>\n<meta name=\"robots\" content=\"index, follow, max-snippet:-1, max-image-preview:large, max-video-preview:-1\" \/>\n<link rel=\"canonical\" href=\"https:\/\/pauccarmarca.com\/en\/en-mexico\/\" \/>\n<meta property=\"og:locale\" content=\"en_US\" \/>\n<meta property=\"og:type\" content=\"article\" \/>\n<meta property=\"og:title\" content=\"\u25b7 Pauccarmarca en M\u00e9xico\" \/>\n<meta property=\"og:description\" content=\"Pauccarmarca en M\u00e9xico. Del 4 de febrero al 8 de marzo del 2022. Retiros, iniciaciones, sanaciones, talleres, introducci\u00f3n a altomissayoq\" \/>\n<meta property=\"og:url\" content=\"https:\/\/pauccarmarca.com\/en\/en-mexico\/\" \/>\n<meta property=\"og:site_name\" content=\"Pauccarmarca\" \/>\n<meta property=\"article:modified_time\" content=\"2022-08-18T21:15:11+00:00\" \/>\n<meta property=\"og:image\" content=\"https:\/\/pauccarmarca.com\/wp-content\/uploads\/2022\/08\/en-mexico-copia.webp\" \/>\n\t<meta property=\"og:image:width\" content=\"1519\" \/>\n\t<meta property=\"og:image:height\" content=\"1899\" \/>\n\t<meta property=\"og:image:type\" content=\"image\/webp\" \/>\n<meta name=\"twitter:card\" content=\"summary_large_image\" \/>\n<meta name=\"twitter:label1\" content=\"Est. reading time\" \/>\n\t<meta name=\"twitter:data1\" content=\"1 minute\" \/>\n<script type=\"application\/ld+json\" class=\"yoast-schema-graph\">{\"@context\":\"https:\\\/\\\/schema.org\",\"@graph\":[{\"@type\":\"WebPage\",\"@id\":\"https:\\\/\\\/pauccarmarca.com\\\/en\\\/en-mexico\\\/\",\"url\":\"https:\\\/\\\/pauccarmarca.com\\\/en\\\/en-mexico\\\/\",\"name\":\"\u25b7 Pauccarmarca en M\u00e9xico\",\"isPartOf\":{\"@id\":\"https:\\\/\\\/pauccarmarca.com\\\/en\\\/#website\"},\"primaryImageOfPage\":{\"@id\":\"https:\\\/\\\/pauccarmarca.com\\\/en\\\/en-mexico\\\/#primaryimage\"},\"image\":{\"@id\":\"https:\\\/\\\/pauccarmarca.com\\\/en-mexico\\\/#primaryimage\"},\"thumbnailUrl\":\"https:\\\/\\\/pauccarmarca.com\\\/wp-content\\\/uploads\\\/2022\\\/08\\\/en-mexico-copia.webp\",\"datePublished\":\"2022-01-19T20:34:26+00:00\",\"dateModified\":\"2022-08-18T21:15:11+00:00\",\"description\":\"Pauccarmarca en M\u00e9xico. Del 4 de febrero al 8 de marzo del 2022. Retiros, iniciaciones, sanaciones, talleres, introducci\u00f3n a altomissayoq\",\"breadcrumb\":{\"@id\":\"https:\\\/\\\/pauccarmarca.com\\\/en\\\/en-mexico\\\/#breadcrumb\"},\"inLanguage\":\"en-US\",\"potentialAction\":[{\"@type\":\"ReadAction\",\"target\":[[\"https:\\\/\\\/pauccarmarca.com\\\/en\\\/en-mexico\\\/\"]]}]},{\"@type\":\"ImageObject\",\"inLanguage\":\"en-US\",\"@id\":\"https:\\\/\\\/pauccarmarca.com\\\/en\\\/en-mexico\\\/#primaryimage\",\"url\":\"https:\\\/\\\/pauccarmarca.com\\\/wp-content\\\/uploads\\\/2022\\\/08\\\/en-mexico-copia.webp\",\"contentUrl\":\"https:\\\/\\\/pauccarmarca.com\\\/wp-content\\\/uploads\\\/2022\\\/08\\\/en-mexico-copia.webp\",\"width\":1519,\"height\":1899,\"caption\":\"pauccarmarca en mexico 2022\"},{\"@type\":\"BreadcrumbList\",\"@id\":\"https:\\\/\\\/pauccarmarca.com\\\/en\\\/en-mexico\\\/#breadcrumb\",\"itemListElement\":[{\"@type\":\"ListItem\",\"position\":1,\"name\":\"Portada\",\"item\":\"https:\\\/\\\/pauccarmarca.com\\\/en\\\/\"},{\"@type\":\"ListItem\",\"position\":2,\"name\":\"en M\u00e9xico\"}]},{\"@type\":\"WebSite\",\"@id\":\"https:\\\/\\\/pauccarmarca.com\\\/en\\\/#website\",\"url\":\"https:\\\/\\\/pauccarmarca.com\\\/en\\\/\",\"name\":\"Pauccarmarca\",\"description\":\"Viajes inici\u00e1ticos y espacios de sanaci\u00f3n\",\"publisher\":{\"@id\":\"https:\\\/\\\/pauccarmarca.com\\\/en\\\/#organization\"},\"potentialAction\":[{\"@type\":\"SearchAction\",\"target\":{\"@type\":\"EntryPoint\",\"urlTemplate\":\"https:\\\/\\\/pauccarmarca.com\\\/en\\\/?s={search_term_string}\"},\"query-input\":{\"@type\":\"PropertyValueSpecification\",\"valueRequired\":true,\"valueName\":\"search_term_string\"}}],\"inLanguage\":\"en-US\"},{\"@type\":\"Organization\",\"@id\":\"https:\\\/\\\/pauccarmarca.com\\\/en\\\/#organization\",\"name\":\"Pauccarmarca\",\"url\":\"https:\\\/\\\/pauccarmarca.com\\\/en\\\/\",\"logo\":{\"@type\":\"ImageObject\",\"inLanguage\":\"en-US\",\"@id\":\"https:\\\/\\\/pauccarmarca.com\\\/en\\\/#\\\/schema\\\/logo\\\/image\\\/\",\"url\":\"https:\\\/\\\/i1.wp.com\\\/pauccarmarca.com\\\/wp-content\\\/uploads\\\/2019\\\/02\\\/cropped-pauccarmarcaWEB3.png?fit=349%2C112&ssl=1\",\"contentUrl\":\"https:\\\/\\\/i1.wp.com\\\/pauccarmarca.com\\\/wp-content\\\/uploads\\\/2019\\\/02\\\/cropped-pauccarmarcaWEB3.png?fit=349%2C112&ssl=1\",\"width\":349,\"height\":112,\"caption\":\"Pauccarmarca\"},\"image\":{\"@id\":\"https:\\\/\\\/pauccarmarca.com\\\/en\\\/#\\\/schema\\\/logo\\\/image\\\/\"}}]}<\/script>\n<!-- \/ Yoast SEO plugin. -->","yoast_head_json":{"title":"\u25b7 Pauccarmarca en M\u00e9xico","description":"Pauccarmarca en M\u00e9xico. Del 4 de febrero al 8 de marzo del 2022. Retiros, iniciaciones, sanaciones, talleres, introducci\u00f3n a altomissayoq","robots":{"index":"index","follow":"follow","max-snippet":"max-snippet:-1","max-image-preview":"max-image-preview:large","max-video-preview":"max-video-preview:-1"},"canonical":"https:\/\/pauccarmarca.com\/en\/en-mexico\/","og_locale":"en_US","og_type":"article","og_title":"\u25b7 Pauccarmarca en M\u00e9xico","og_description":"Pauccarmarca en M\u00e9xico. Del 4 de febrero al 8 de marzo del 2022. Retiros, iniciaciones, sanaciones, talleres, introducci\u00f3n a altomissayoq","og_url":"https:\/\/pauccarmarca.com\/en\/en-mexico\/","og_site_name":"Pauccarmarca","article_modified_time":"2022-08-18T21:15:11+00:00","og_image":[{"width":1519,"height":1899,"url":"https:\/\/pauccarmarca.com\/wp-content\/uploads\/2022\/08\/en-mexico-copia.webp","type":"image\/webp"}],"twitter_card":"summary_large_image","twitter_misc":{"Est. reading time":"1 minute"},"schema":{"@context":"https:\/\/schema.org","@graph":[{"@type":"WebPage","@id":"https:\/\/pauccarmarca.com\/en\/en-mexico\/","url":"https:\/\/pauccarmarca.com\/en\/en-mexico\/","name":"\u25b7 Pauccarmarca en M\u00e9xico","isPartOf":{"@id":"https:\/\/pauccarmarca.com\/en\/#website"},"primaryImageOfPage":{"@id":"https:\/\/pauccarmarca.com\/en\/en-mexico\/#primaryimage"},"image":{"@id":"https:\/\/pauccarmarca.com\/en-mexico\/#primaryimage"},"thumbnailUrl":"https:\/\/pauccarmarca.com\/wp-content\/uploads\/2022\/08\/en-mexico-copia.webp","datePublished":"2022-01-19T20:34:26+00:00","dateModified":"2022-08-18T21:15:11+00:00","description":"Pauccarmarca en M\u00e9xico. Del 4 de febrero al 8 de marzo del 2022. Retiros, iniciaciones, sanaciones, talleres, introducci\u00f3n a altomissayoq","breadcrumb":{"@id":"https:\/\/pauccarmarca.com\/en\/en-mexico\/#breadcrumb"},"inLanguage":"en-US","potentialAction":[{"@type":"ReadAction","target":[["https:\/\/pauccarmarca.com\/en\/en-mexico\/"]]}]},{"@type":"ImageObject","inLanguage":"en-US","@id":"https:\/\/pauccarmarca.com\/en\/en-mexico\/#primaryimage","url":"https:\/\/pauccarmarca.com\/wp-content\/uploads\/2022\/08\/en-mexico-copia.webp","contentUrl":"https:\/\/pauccarmarca.com\/wp-content\/uploads\/2022\/08\/en-mexico-copia.webp","width":1519,"height":1899,"caption":"pauccarmarca en mexico 2022"},{"@type":"BreadcrumbList","@id":"https:\/\/pauccarmarca.com\/en\/en-mexico\/#breadcrumb","itemListElement":[{"@type":"ListItem","position":1,"name":"Portada","item":"https:\/\/pauccarmarca.com\/en\/"},{"@type":"ListItem","position":2,"name":"en M\u00e9xico"}]},{"@type":"WebSite","@id":"https:\/\/pauccarmarca.com\/en\/#website","url":"https:\/\/pauccarmarca.com\/en\/","name":"Pauccarmarca","description":"Viajes inici\u00e1ticos y espacios de sanaci\u00f3n","publisher":{"@id":"https:\/\/pauccarmarca.com\/en\/#organization"},"potentialAction":[{"@type":"SearchAction","target":{"@type":"EntryPoint","urlTemplate":"https:\/\/pauccarmarca.com\/en\/?s={search_term_string}"},"query-input":{"@type":"PropertyValueSpecification","valueRequired":true,"valueName":"search_term_string"}}],"inLanguage":"en-US"},{"@type":"Organization","@id":"https:\/\/pauccarmarca.com\/en\/#organization","name":"Pauccarmarca","url":"https:\/\/pauccarmarca.com\/en\/","logo":{"@type":"ImageObject","inLanguage":"en-US","@id":"https:\/\/pauccarmarca.com\/en\/#\/schema\/logo\/image\/","url":"https:\/\/i1.wp.com\/pauccarmarca.com\/wp-content\/uploads\/2019\/02\/cropped-pauccarmarcaWEB3.png?fit=349%2C112&ssl=1","contentUrl":"https:\/\/i1.wp.com\/pauccarmarca.com\/wp-content\/uploads\/2019\/02\/cropped-pauccarmarcaWEB3.png?fit=349%2C112&ssl=1","width":349,"height":112,"caption":"Pauccarmarca"},"image":{"@id":"https:\/\/pauccarmarca.com\/en\/#\/schema\/logo\/image\/"}}]}},"jetpack_sharing_enabled":true,"_links":{"self":[{"href":"https:\/\/pauccarmarca.com\/en\/wp-json\/wp\/v2\/pages\/3783","targetHints":{"allow":["GET"]}}],"collection":[{"href":"https:\/\/pauccarmarca.com\/en\/wp-json\/wp\/v2\/pages"}],"about":[{"href":"https:\/\/pauccarmarca.com\/en\/wp-json\/wp\/v2\/types\/page"}],"author":[{"embeddable":true,"href":"https:\/\/pauccarmarca.com\/en\/wp-json\/wp\/v2\/users\/3"}],"replies":[{"embeddable":true,"href":"https:\/\/pauccarmarca.com\/en\/wp-json\/wp\/v2\/comments?post=3783"}],"version-history":[{"count":0,"href":"https:\/\/pauccarmarca.com\/en\/wp-json\/wp\/v2\/pages\/3783\/revisions"}],"wp:featuredmedia":[{"embeddable":true,"href":"https:\/\/pauccarmarca.com\/en\/wp-json\/wp\/v2\/media\/4077"}],"wp:attachment":[{"href":"https:\/\/pauccarmarca.com\/en\/wp-json\/wp\/v2\/media?parent=3783"}],"curies":[{"name":"wp","href":"https:\/\/api.w.org\/{rel}","templated":true}]}}